{"id":114426,"date":"2023-07-17T14:09:23","date_gmt":"2023-07-17T13:09:23","guid":{"rendered":"https:\/\/miesbcn.com\/biblioteca\/mies-van-der-rohe\/"},"modified":"2023-07-17T14:09:35","modified_gmt":"2023-07-17T13:09:35","slug":"mies-van-der-rohe","status":"publish","type":"biblioteca","link":"http:\/\/miesbcn.com\/es\/biblioteca\/mies-van-der-rohe\/","title":{"rendered":"Mies van der RohE"},"content":{"rendered":"<ul class=\"caracteristiques\"><li><span>Subt\u00edtulo:<\/span> La Galleria Nazionale di Berlino<\/li><li><span>Original Title:<\/span> Mies Van der Rohe. La Galleria Nazionale di berlino<\/li><li><span>Autor:<\/span> Calz\u00e0, Gianni<\/li><li><span>Editorial:<\/span> Alinea Editrice - Momenti di Architettura Moderna<\/li><li><span>A\u00f1o:<\/span> 1988<\/li><li><span>Lugar:<\/span> Florencia<\/li><li><span>Collection:<\/span> Momenti Di Architettura Moderna, 2<\/li><li><span>Idioma:<\/span>     <\/li><li><span>Tema:<\/span> European Architecture<\/li><li><span>Signatura:<\/span> 723 CAL<\/li><\/ul><script type=\"text\/javascript\">var gform;gform||(document.addEventListener(\"gform_main_scripts_loaded\",function(){gform.scriptsLoaded=!0}),window.addEventListener(\"DOMContentLoaded\",function(){gform.domLoaded=!0}),gform={domLoaded:!1,scriptsLoaded:!1,initializeOnLoaded:function(o){gform.domLoaded&&gform.scriptsLoaded?o():!gform.domLoaded&&gform.scriptsLoaded?window.addEventListener(\"DOMContentLoaded\",o):document.addEventListener(\"gform_main_scripts_loaded\",o)},hooks:{action:{},filter:{}},addAction:function(o,n,r,t){gform.addHook(\"action\",o,n,r,t)},addFilter:function(o,n,r,t){gform.addHook(\"filter\",o,n,r,t)},doAction:function(o){gform.doHook(\"action\",o,arguments)},applyFilters:function(o){return gform.doHook(\"filter\",o,arguments)},removeAction:function(o,n){gform.removeHook(\"action\",o,n)},removeFilter:function(o,n,r){gform.removeHook(\"filter\",o,n,r)},addHook:function(o,n,r,t,i){null==gform.hooks[o][n]&&(gform.hooks[o][n]=[]);var e=gform.hooks[o][n];null==i&&(i=n+\"_\"+e.length),gform.hooks[o][n].push({tag:i,callable:r,priority:t=null==t?10:t})},doHook:function(n,o,r){var t;if(r=Array.prototype.slice.call(r,1),null!=gform.hooks[n][o]&&((o=gform.hooks[n][o]).sort(function(o,n){return o.priority-n.priority}),o.forEach(function(o){\"function\"!=typeof(t=o.callable)&&(t=window[t]),\"action\"==n?t.apply(null,r):r[0]=t.apply(null,r)})),\"filter\"==n)return r[0]},removeHook:function(o,n,t,i){var r;null!=gform.hooks[o][n]&&(r=(r=gform.hooks[o][n]).filter(function(o,n,r){return!!(null!=i&&i!=o.tag||null!=t&&t!=o.priority)}),gform.hooks[o][n]=r)}});<\/script>\n                <div class='gf_browser_gecko gform_wrapper gravity-theme gform-theme--no-framework' data-form-theme='gravity-theme' data-form-index='0' id='gform_wrapper_1' >\n                        <div class='gform_heading'>\n                            <h2 class=\"gform_title\">Reservar libro<\/h2>\n                            <p class='gform_description'><\/p>\n                        <\/div><form method='post' enctype='multipart\/form-data'  id='gform_1'  action='\/es\/wp-json\/wp\/v2\/biblioteca\/114426' data-formid='1' >\n                        <div class='gform-body gform_body'><div id='gform_fields_1' class='gform_fields top_label form_sublabel_below description_below'><div id=\"field_1_1\"  class=\"gfield gfield--type-text gfield--width-half gfield_contains_required field_sublabel_below gfield--no-description field_description_below hidden_label gfield_visibility_visible\"  data-js-reload=\"field_1_1\"><label class='gfield_label gform-field-label' for='input_1_1' >Nombre<span class=\"gfield_required\"><span class=\"gfield_required gfield_required_text\">(Obligatorio)<\/span><\/span><\/label><div class='ginput_container ginput_container_text'><input name='input_1' id='input_1_1' type='text' value='' class='large'    placeholder='Nombre' aria-required=\"true\" aria-invalid=\"false\"   \/> <\/div><\/div><div id=\"field_1_3\"  class=\"gfield gfield--type-text gfield--width-half gfield_contains_required field_sublabel_below gfield--no-description field_description_below hidden_label gfield_visibility_visible\"  data-js-reload=\"field_1_3\"><label class='gfield_label gform-field-label' for='input_1_3' >Tel\u00e9fono<span class=\"gfield_required\"><span class=\"gfield_required gfield_required_text\">(Obligatorio)<\/span><\/span><\/label><div class='ginput_container ginput_container_text'><input name='input_3' id='input_1_3' type='text' value='' class='large'    placeholder='Tel\u00e9fono' aria-required=\"true\" aria-invalid=\"false\"   \/> <\/div><\/div><div id=\"field_1_5\"  class=\"gfield gfield--type-email gfield--width-half gfield_contains_required field_sublabel_below gfield--no-description field_description_below hidden_label gfield_visibility_visible\"  data-js-reload=\"field_1_5\"><label class='gfield_label gform-field-label' for='input_1_5' >Email<span class=\"gfield_required\"><span class=\"gfield_required gfield_required_text\">(Obligatorio)<\/span><\/span><\/label><div class='ginput_container ginput_container_email'>\n                            <input name='input_5' id='input_1_5' type='text' value='' class='large'   placeholder='Email' aria-required=\"true\" aria-invalid=\"false\"  \/>\n                        <\/div><\/div><div id=\"field_1_4\"  class=\"gfield gfield--type-date gfield--input-type-datepicker gfield--datepicker-no-icon gfield--width-half field_sublabel_below gfield--no-description field_description_below hidden_label gfield_visibility_visible\"  data-js-reload=\"field_1_4\"><label class='gfield_label gform-field-label' for='input_1_4' >Reserva<\/label><div class='ginput_container ginput_container_date'>\n                            <input name='input_4' id='input_1_4' type='text' value='' class='datepicker gform-datepicker mdy datepicker_no_icon gdatepicker-no-icon'   placeholder='Reserva' aria-describedby=\"input_1_4_date_format\" aria-invalid=\"false\" \/>\n                            <span id='input_1_4_date_format' class='screen-reader-text'>MM barra DD barra AAAA<\/span>\n                        <\/div>\n                        <input type='hidden' id='gforms_calendar_icon_input_1_4' class='gform_hidden' value='http:\/\/miesbcn.com\/wp-content\/plugins\/gravityforms\/images\/datepicker\/datepicker.svg'\/><\/div><div id=\"field_1_6\"  class=\"gfield gfield--type-textarea gfield--width-full field_sublabel_below gfield--no-description field_description_below hidden_label gfield_visibility_visible\"  data-js-reload=\"field_1_6\"><label class='gfield_label gform-field-label' for='input_1_6' >Comentario<\/label><div class='ginput_container ginput_container_textarea'><textarea name='input_6' id='input_1_6' class='textarea small'    placeholder='Petici\u00f3n'  aria-invalid=\"false\"   rows='10' cols='50'><\/textarea><\/div><\/div><div id=\"field_1_7\"  class=\"gfield gfield--type-text gfield--width-full field_sublabel_below gfield--no-description field_description_below gfield_visibility_hidden\"  data-js-reload=\"field_1_7\"><div class='admin-hidden-markup'><i class='gform-icon gform-icon--hidden'><\/i><span>Hidden<\/span><\/div><label class='gfield_label gform-field-label' for='input_1_7' >Sin t\u00edtulo<\/label><div class='ginput_container ginput_container_text'><input name='input_7' id='input_1_7' type='text' value='' class='large'      aria-invalid=\"false\"   \/> <\/div><\/div><div id=\"field_1_8\"  class=\"gfield gfield--type-html gfield--width-full gfield_html gfield_html_formatted gfield_no_follows_desc field_sublabel_below gfield--no-description field_description_below gfield_visibility_visible\"  data-js-reload=\"field_1_8\">Sujeto a confirmaci\u00f3n de disponibilidad.<\/div><div id=\"field_1_9\"  class=\"gfield gfield--type-captcha field_sublabel_below gfield--no-description field_description_below hidden_label gfield_visibility_visible\"  data-js-reload=\"field_1_9\"><label class='gfield_label gform-field-label' for='input_1_9' >CAPTCHA<\/label><div id='input_1_9' class='ginput_container ginput_recaptcha' data-sitekey='6Lfz_DcrAAAAAJNRiX1l6yxqZDP2I_pbxbZ8IO1s'  data-theme='light' data-tabindex='0'  data-badge=''><\/div><\/div><\/div><\/div>\n        <div class='gform_footer top_label'> <input type='submit' id='gform_submit_button_1' class='gform_button button' value='Reserva'  onclick='if(window[\"gf_submitting_1\"]){return false;}  window[\"gf_submitting_1\"]=true;  ' onkeypress='if( event.keyCode == 13 ){ if(window[\"gf_submitting_1\"]){return false;} window[\"gf_submitting_1\"]=true;  jQuery(\"#gform_1\").trigger(\"submit\",[true]); }' \/> \n            <input type='hidden' class='gform_hidden' name='is_submit_1' value='1' \/>\n            <input type='hidden' class='gform_hidden' name='gform_submit' value='1' \/>\n            \n            <input type='hidden' class='gform_hidden' name='gform_unique_id' value='' \/>\n            <input type='hidden' class='gform_hidden' name='state_1' value='WyJbXSIsIjYxZWM2ZDVjMWViM2YyMzE3MmEyZGI4ZWU0NGU0MDE5Il0=' \/>\n            <input type='hidden' class='gform_hidden' name='gform_target_page_number_1' id='gform_target_page_number_1' value='0' \/>\n            <input type='hidden' class='gform_hidden' name='gform_source_page_number_1' id='gform_source_page_number_1' value='1' \/>\n            <input type='hidden' name='gform_field_values' value='' \/>\n            \n        <\/div>\n                        <\/form>\n                        <\/div><script type=\"text\/javascript\">\n\/* <![CDATA[ *\/\n gform.initializeOnLoaded( function() {gformInitSpinner( 1, 'http:\/\/miesbcn.com\/wp-content\/plugins\/gravityforms\/images\/spinner.svg', true );jQuery('#gform_ajax_frame_1').on('load',function(){var contents = jQuery(this).contents().find('*').html();var is_postback = contents.indexOf('GF_AJAX_POSTBACK') >= 0;if(!is_postback){return;}var form_content = jQuery(this).contents().find('#gform_wrapper_1');var is_confirmation = jQuery(this).contents().find('#gform_confirmation_wrapper_1').length > 0;var is_redirect = contents.indexOf('gformRedirect(){') >= 0;var is_form = form_content.length > 0 && ! is_redirect && ! is_confirmation;var mt = parseInt(jQuery('html').css('margin-top'), 10) + parseInt(jQuery('body').css('margin-top'), 10) + 100;if(is_form){jQuery('#gform_wrapper_1').html(form_content.html());if(form_content.hasClass('gform_validation_error')){jQuery('#gform_wrapper_1').addClass('gform_validation_error');} else {jQuery('#gform_wrapper_1').removeClass('gform_validation_error');}setTimeout( function() { \/* delay the scroll by 50 milliseconds to fix a bug in chrome *\/  }, 50 );if(window['gformInitDatepicker']) {gformInitDatepicker();}if(window['gformInitPriceFields']) {gformInitPriceFields();}var current_page = jQuery('#gform_source_page_number_1').val();gformInitSpinner( 1, 'http:\/\/miesbcn.com\/wp-content\/plugins\/gravityforms\/images\/spinner.svg', true );jQuery(document).trigger('gform_page_loaded', [1, current_page]);window['gf_submitting_1'] = false;}else if(!is_redirect){var confirmation_content = jQuery(this).contents().find('.GF_AJAX_POSTBACK').html();if(!confirmation_content){confirmation_content = contents;}setTimeout(function(){jQuery('#gform_wrapper_1').replaceWith(confirmation_content);jQuery(document).trigger('gform_confirmation_loaded', [1]);window['gf_submitting_1'] = false;wp.a11y.speak(jQuery('#gform_confirmation_message_1').text());}, 50);}else{jQuery('#gform_1').append(contents);if(window['gformRedirect']) {gformRedirect();}}jQuery(document).trigger('gform_post_render', [1, current_page]);gform.utils.trigger({ event: 'gform\/postRender', native: false, data: { formId: 1, currentPage: current_page } });} );} ); \n\/* ]]> *\/\n<\/script>\n","protected":false},"featured_media":0,"template":"","class_list":["post-114426","biblioteca","type-biblioteca","status-publish","hentry"],"acf":{"autor":"Calz\u00e0, Gianni","editorial":"Alinea Editrice - Momenti di Architettura Moderna","signatura_topografica":"723 CAL","any":"1988","arxiu":"","colleccio":"Momenti Di Architettura Moderna, 2","idioma":"   ","isbn":"","lloc":"Florencia","n_exemplars":"2","notes":"Exemplars guardats a despatx direcci\u00f3.","paraules_clau":"Mies van der Rohe","subtitol":"La Galleria Nazionale di Berlino","tema":"European Architecture","titol_original":"Mies Van der Rohe. La Galleria Nazionale di berlino"},"yoast_head":"<!-- This site is optimized with the Yoast SEO plugin v27.2 - https:\/\/yoast.com\/product\/yoast-seo-wordpress\/ -->\n<title>Mies van der RohE - Fundaci\u00f3 Mies van der Rohe<\/title>\n<meta name=\"robots\" content=\"index, follow, max-snippet:-1, max-image-preview:large, max-video-preview:-1\" \/>\n<link rel=\"canonical\" href=\"https:\/\/miesbcn.com\/biblioteca\/mies-van-der-rohe\/\" \/>\n<meta property=\"og:locale\" content=\"es_ES\" \/>\n<meta property=\"og:type\" content=\"article\" \/>\n<meta property=\"og:title\" content=\"Mies van der RohE - Fundaci\u00f3 Mies van der Rohe\" \/>\n<meta property=\"og:description\" content=\"Subt\u00edtulo: La Galleria Nazionale di BerlinoOriginal Title: Mies Van der Rohe. La Galleria Nazionale di berlinoAutor: Calz\u00e0, GianniEditorial: Alinea Editrice - Momenti di Architettura ModernaA\u00f1o: 1988Lugar: FlorenciaCollection: Momenti Di Architettura Moderna, 2Idioma: Tema: European ArchitectureSignatura: 723 CAL Reservar libro Nombre(Obligatorio) Tel\u00e9fono(Obligatorio) Email(Obligatorio) Reserva MM barra DD barra AAAA ComentarioHiddenSin t\u00edtulo Sujeto a confirmaci\u00f3n de disponibilidad.CAPTCHA\" \/>\n<meta property=\"og:url\" content=\"https:\/\/miesbcn.com\/biblioteca\/mies-van-der-rohe\/\" \/>\n<meta property=\"og:site_name\" content=\"Fundaci\u00f3 Mies van der Rohe\" \/>\n<meta property=\"article:publisher\" content=\"https:\/\/www.facebook.com\/FundacioMiesvanderRohe\" \/>\n<meta property=\"article:modified_time\" content=\"2023-07-17T13:09:35+00:00\" \/>\n<script type=\"application\/ld+json\" class=\"yoast-schema-graph\">{\"@context\":\"https:\/\/schema.org\",\"@graph\":[{\"@type\":\"WebPage\",\"@id\":\"https:\/\/miesbcn.com\/biblioteca\/mies-van-der-rohe\/\",\"url\":\"https:\/\/miesbcn.com\/biblioteca\/mies-van-der-rohe\/\",\"name\":\"Mies van der RohE - Fundaci\u00f3 Mies van der Rohe\",\"isPartOf\":{\"@id\":\"http:\/\/miesbcn.com\/#website\"},\"datePublished\":\"2023-07-17T13:09:23+00:00\",\"dateModified\":\"2023-07-17T13:09:35+00:00\",\"breadcrumb\":{\"@id\":\"https:\/\/miesbcn.com\/biblioteca\/mies-van-der-rohe\/#breadcrumb\"},\"inLanguage\":\"es\",\"potentialAction\":[{\"@type\":\"ReadAction\",\"target\":[\"https:\/\/miesbcn.com\/biblioteca\/mies-van-der-rohe\/\"]}]},{\"@type\":\"BreadcrumbList\",\"@id\":\"https:\/\/miesbcn.com\/biblioteca\/mies-van-der-rohe\/#breadcrumb\",\"itemListElement\":[{\"@type\":\"ListItem\",\"position\":1,\"name\":\"Home\",\"item\":\"http:\/\/miesbcn.com\/es\/\"},{\"@type\":\"ListItem\",\"position\":2,\"name\":\"Mies van der RohE\"}]},{\"@type\":\"WebSite\",\"@id\":\"http:\/\/miesbcn.com\/#website\",\"url\":\"http:\/\/miesbcn.com\/\",\"name\":\"Fundaci\u00f3 Mies van der Rohe\",\"description\":\"Fundaci\u00f3 Mies van der Rohe fosters debate on and awareness of themes related to contemporary architecture and urban planning, as well as encouraging studies on the work of Ludwig Mies van der Rohe and on the Modern Movement.\",\"inLanguage\":\"es\"}]}<\/script>\n<!-- \/ Yoast SEO plugin. -->","yoast_head_json":{"title":"Mies van der RohE - Fundaci\u00f3 Mies van der Rohe","robots":{"index":"index","follow":"follow","max-snippet":"max-snippet:-1","max-image-preview":"max-image-preview:large","max-video-preview":"max-video-preview:-1"},"canonical":"https:\/\/miesbcn.com\/biblioteca\/mies-van-der-rohe\/","og_locale":"es_ES","og_type":"article","og_title":"Mies van der RohE - Fundaci\u00f3 Mies van der Rohe","og_description":"Subt\u00edtulo: La Galleria Nazionale di BerlinoOriginal Title: Mies Van der Rohe. La Galleria Nazionale di berlinoAutor: Calz\u00e0, GianniEditorial: Alinea Editrice - Momenti di Architettura ModernaA\u00f1o: 1988Lugar: FlorenciaCollection: Momenti Di Architettura Moderna, 2Idioma: Tema: European ArchitectureSignatura: 723 CAL Reservar libro Nombre(Obligatorio) Tel\u00e9fono(Obligatorio) Email(Obligatorio) Reserva MM barra DD barra AAAA ComentarioHiddenSin t\u00edtulo Sujeto a confirmaci\u00f3n de disponibilidad.CAPTCHA","og_url":"https:\/\/miesbcn.com\/biblioteca\/mies-van-der-rohe\/","og_site_name":"Fundaci\u00f3 Mies van der Rohe","article_publisher":"https:\/\/www.facebook.com\/FundacioMiesvanderRohe","article_modified_time":"2023-07-17T13:09:35+00:00","schema":{"@context":"https:\/\/schema.org","@graph":[{"@type":"WebPage","@id":"https:\/\/miesbcn.com\/biblioteca\/mies-van-der-rohe\/","url":"https:\/\/miesbcn.com\/biblioteca\/mies-van-der-rohe\/","name":"Mies van der RohE - Fundaci\u00f3 Mies van der Rohe","isPartOf":{"@id":"http:\/\/miesbcn.com\/#website"},"datePublished":"2023-07-17T13:09:23+00:00","dateModified":"2023-07-17T13:09:35+00:00","breadcrumb":{"@id":"https:\/\/miesbcn.com\/biblioteca\/mies-van-der-rohe\/#breadcrumb"},"inLanguage":"es","potentialAction":[{"@type":"ReadAction","target":["https:\/\/miesbcn.com\/biblioteca\/mies-van-der-rohe\/"]}]},{"@type":"BreadcrumbList","@id":"https:\/\/miesbcn.com\/biblioteca\/mies-van-der-rohe\/#breadcrumb","itemListElement":[{"@type":"ListItem","position":1,"name":"Home","item":"http:\/\/miesbcn.com\/es\/"},{"@type":"ListItem","position":2,"name":"Mies van der RohE"}]},{"@type":"WebSite","@id":"http:\/\/miesbcn.com\/#website","url":"http:\/\/miesbcn.com\/","name":"Fundaci\u00f3 Mies van der Rohe","description":"Fundaci\u00f3 Mies van der Rohe fosters debate on and awareness of themes related to contemporary architecture and urban planning, as well as encouraging studies on the work of Ludwig Mies van der Rohe and on the Modern Movement.","inLanguage":"es"}]}},"_links":{"self":[{"href":"http:\/\/miesbcn.com\/es\/wp-json\/wp\/v2\/biblioteca\/114426","targetHints":{"allow":["GET"]}}],"collection":[{"href":"http:\/\/miesbcn.com\/es\/wp-json\/wp\/v2\/biblioteca"}],"about":[{"href":"http:\/\/miesbcn.com\/es\/wp-json\/wp\/v2\/types\/biblioteca"}],"wp:attachment":[{"href":"http:\/\/miesbcn.com\/es\/wp-json\/wp\/v2\/media?parent=114426"}],"curies":[{"name":"wp","href":"https:\/\/api.w.org\/{rel}","templated":true}]}}