{"version":"1.0","provider_name":"Fundaci\u00f3 Mies van der Rohe","provider_url":"https:\/\/miesbcn.com\/ca\/","author_name":"Fund437v","author_url":"https:\/\/miesbcn.com\/ca\/author\/miesbc\/","title":"Presentaci\u00f3 del llibre Maggi Galaxy de Miralda i Stephan Palmi\u00e9 - Fundaci\u00f3 Mies van der Rohe","type":"rich","width":600,"height":338,"html":"<blockquote class=\"wp-embedded-content\" data-secret=\"fRvwuTb7Sn\"><a href=\"https:\/\/miesbcn.com\/ca\/calendari\/presentacio-del-llibre-condal-de-maggi-galaxy-miralda\/\">Presentaci\u00f3 del llibre Maggi Galaxy de Miralda i Stephan Palmi\u00e9<\/a><\/blockquote><iframe sandbox=\"allow-scripts\" security=\"restricted\" src=\"https:\/\/miesbcn.com\/ca\/calendari\/presentacio-del-llibre-condal-de-maggi-galaxy-miralda\/embed\/#?secret=fRvwuTb7Sn\" width=\"600\" height=\"338\" title=\"&#8220;Presentaci\u00f3 del llibre Maggi Galaxy de Miralda i Stephan Palmi\u00e9&#8221; &#8212; Fundaci\u00f3 Mies van der Rohe\" data-secret=\"fRvwuTb7Sn\" frameborder=\"0\" marginwidth=\"0\" marginheight=\"0\" scrolling=\"no\" class=\"wp-embedded-content\"><\/iframe><script type=\"text\/javascript\">\n\/* <![CDATA[ *\/\n\/*! This file is auto-generated *\/\n!function(d,l){\"use strict\";l.querySelector&&d.addEventListener&&\"undefined\"!=typeof URL&&(d.wp=d.wp||{},d.wp.receiveEmbedMessage||(d.wp.receiveEmbedMessage=function(e){var t=e.data;if((t||t.secret||t.message||t.value)&&!\/[^a-zA-Z0-9]\/.test(t.secret)){for(var s,r,n,a=l.querySelectorAll('iframe[data-secret=\"'+t.secret+'\"]'),o=l.querySelectorAll('blockquote[data-secret=\"'+t.secret+'\"]'),c=new RegExp(\"^https?:$\",\"i\"),i=0;i<o.length;i++)o[i].style.display=\"none\";for(i=0;i<a.length;i++)s=a[i],e.source===s.contentWindow&&(s.removeAttribute(\"style\"),\"height\"===t.message?(1e3<(r=parseInt(t.value,10))?r=1e3:~~r<200&&(r=200),s.height=r):\"link\"===t.message&&(r=new URL(s.getAttribute(\"src\")),n=new URL(t.value),c.test(n.protocol))&&n.host===r.host&&l.activeElement===s&&(d.top.location.href=t.value))}},d.addEventListener(\"message\",d.wp.receiveEmbedMessage,!1),l.addEventListener(\"DOMContentLoaded\",function(){for(var e,t,s=l.querySelectorAll(\"iframe.wp-embedded-content\"),r=0;r<s.length;r++)(t=(e=s[r]).getAttribute(\"data-secret\"))||(t=Math.random().toString(36).substring(2,12),e.src+=\"#?secret=\"+t,e.setAttribute(\"data-secret\",t)),e.contentWindow.postMessage({message:\"ready\",secret:t},\"*\")},!1)))}(window,document);\n\/\/# sourceURL=https:\/\/miesbcn.com\/wp-includes\/js\/wp-embed.min.js\n\/* ]]> *\/\n<\/script>\n","thumbnail_url":"https:\/\/miesbcn.com\/wp-content\/uploads\/2026\/02\/maggi_galaxy_-_stephan_palmie.jpg","thumbnail_width":548,"thumbnail_height":548,"description":"Maggi Galaxy \u00e9s una publicaci\u00f3 profusament il\u00b7lustrada i de car\u00e0cter interdisciplinari que analitza la dimensi\u00f3 est\u00e8tica, cultural i pol\u00edtica d\u2019un producte extraordin\u00e0riament globalitzat: el cub de brou Maggi. El llibre amplia el coneixement sobre la seva expansi\u00f3 internacional des d\u2019una perspectiva antropol\u00f2gica, hist\u00f2rica i art\u00edstica, i ofereix una mirada cr\u00edtica sobre la seva pres\u00e8ncia en [&hellip;]"}