{"version":"1.0","provider_name":"Fundaci\u00f3 Mies van der Rohe","provider_url":"https:\/\/miesbcn.com\/ca\/","author_name":"Fund437v","author_url":"https:\/\/miesbcn.com\/ca\/author\/miesbc\/","title":"Spectral Diffractions d'Edwin van der Heide - Fundaci\u00f3 Mies van der Rohe","type":"rich","width":600,"height":338,"html":"<blockquote class=\"wp-embedded-content\" data-secret=\"Lajrys5fOh\"><a href=\"https:\/\/miesbcn.com\/ca\/calendari\/spectral-diffractions-by-edwin-van-der-heide\/\">Spectral Diffractions d&#8217;Edwin van der Heide<\/a><\/blockquote><iframe sandbox=\"allow-scripts\" security=\"restricted\" src=\"https:\/\/miesbcn.com\/ca\/calendari\/spectral-diffractions-by-edwin-van-der-heide\/embed\/#?secret=Lajrys5fOh\" width=\"600\" height=\"338\" title=\"&#8220;Spectral Diffractions d&#8217;Edwin van der Heide&#8221; &#8212; Fundaci\u00f3 Mies van der Rohe\" data-secret=\"Lajrys5fOh\" frameborder=\"0\" marginwidth=\"0\" marginheight=\"0\" scrolling=\"no\" class=\"wp-embedded-content\"><\/iframe><script type=\"text\/javascript\">\n\/* <![CDATA[ *\/\n\/*! This file is auto-generated *\/\n!function(d,l){\"use strict\";l.querySelector&&d.addEventListener&&\"undefined\"!=typeof URL&&(d.wp=d.wp||{},d.wp.receiveEmbedMessage||(d.wp.receiveEmbedMessage=function(e){var t=e.data;if((t||t.secret||t.message||t.value)&&!\/[^a-zA-Z0-9]\/.test(t.secret)){for(var s,r,n,a=l.querySelectorAll('iframe[data-secret=\"'+t.secret+'\"]'),o=l.querySelectorAll('blockquote[data-secret=\"'+t.secret+'\"]'),c=new RegExp(\"^https?:$\",\"i\"),i=0;i<o.length;i++)o[i].style.display=\"none\";for(i=0;i<a.length;i++)s=a[i],e.source===s.contentWindow&&(s.removeAttribute(\"style\"),\"height\"===t.message?(1e3<(r=parseInt(t.value,10))?r=1e3:~~r<200&&(r=200),s.height=r):\"link\"===t.message&&(r=new URL(s.getAttribute(\"src\")),n=new URL(t.value),c.test(n.protocol))&&n.host===r.host&&l.activeElement===s&&(d.top.location.href=t.value))}},d.addEventListener(\"message\",d.wp.receiveEmbedMessage,!1),l.addEventListener(\"DOMContentLoaded\",function(){for(var e,t,s=l.querySelectorAll(\"iframe.wp-embedded-content\"),r=0;r<s.length;r++)(t=(e=s[r]).getAttribute(\"data-secret\"))||(t=Math.random().toString(36).substring(2,12),e.src+=\"#?secret=\"+t,e.setAttribute(\"data-secret\",t)),e.contentWindow.postMessage({message:\"ready\",secret:t},\"*\")},!1)))}(window,document);\n\/\/# sourceURL=https:\/\/miesbcn.com\/wp-includes\/js\/wp-embed.min.js\n\/* ]]> *\/\n<\/script>\n","thumbnail_url":"https:\/\/miesbcn.com\/wp-content\/uploads\/2014\/07\/spectral_diffractions_mies_van_der_rohe_sonard2014_03.jpg","thumbnail_width":150,"thumbnail_height":112,"description":"La instal\u00b7laci\u00f3 sonora \u201cSpectral Diffractions\u201d, de l'artista holand\u00e8s Edwin van der Heide, forma part d'un projecte de col\u00b7laboraci\u00f3 entre S\u00f3nar+D, la Fundaci\u00f3 Mies van der Rohe, el Music Technology Group de la Universitat Pompeu Fabra i la Fundaci\u00f3 EINA. El seu objectiu \u00e9s posar en contacte estudiants de tecnologia musical amb creadors de renom internacional, per tal de presentar les propostes sonores m\u00e9s avan\u00e7ades, des del punt de vista tecnol\u00f2gic i est\u00e8tic, en el context singular del Pavell\u00f3 Mies van der Rohe."}