{"id":31942,"date":"2014-04-17T11:49:02","date_gmt":"2014-04-17T10:49:02","guid":{"rendered":"http:\/\/miesbcn.com\/?page_id=31942"},"modified":"2026-04-21T08:46:28","modified_gmt":"2026-04-21T07:46:28","slug":"home-2","status":"publish","type":"page","link":"https:\/\/miesbcn.com\/ca\/","title":{"rendered":"Inici"},"content":{"rendered":"","protected":false},"excerpt":{"rendered":"","protected":false},"author":4,"featured_media":0,"parent":0,"menu_order":0,"comment_status":"closed","ping_status":"closed","template":"homepage.php","meta":{"_acf_changed":false,"footnotes":""},"class_list":["post-31942","page","type-page","status-publish","hentry"],"acf":[],"yoast_head":"<!-- This site is optimized with the Yoast SEO plugin v27.2 - https:\/\/yoast.com\/product\/yoast-seo-wordpress\/ -->\n<title>Fundaci\u00f3 Mies van der Rohe - Pavell\u00f3 Mies van der Rohe<\/title>\n<meta name=\"description\" content=\"La Fundaci\u00f3 Mies van der Rohe va ser creada el 1983 per l\u2019Ajuntament de Barcelona, amb l\u2019objectiu de portar a terme la reconstrucci\u00f3 del Pavell\u00f3 Alemany\" \/>\n<meta name=\"robots\" content=\"index, follow, max-snippet:-1, max-image-preview:large, max-video-preview:-1\" \/>\n<link rel=\"canonical\" href=\"http:\/\/miesbcn.com\/ca\/\" \/>\n<meta property=\"og:locale\" content=\"ca_ES\" \/>\n<meta property=\"og:type\" content=\"article\" \/>\n<meta property=\"og:title\" content=\"Fundaci\u00f3 Mies van der Rohe - Pavell\u00f3 Mies van der Rohe\" \/>\n<meta property=\"og:description\" content=\"La Fundaci\u00f3 Mies van der Rohe va ser creada el 1983 per l\u2019Ajuntament de Barcelona, amb l\u2019objectiu de portar a terme la reconstrucci\u00f3 del Pavell\u00f3 Alemany\" \/>\n<meta property=\"og:url\" content=\"http:\/\/miesbcn.com\/ca\/\" \/>\n<meta property=\"og:site_name\" content=\"Fundaci\u00f3 Mies van der Rohe\" \/>\n<meta property=\"article:publisher\" content=\"https:\/\/www.facebook.com\/FundacioMiesvanderRohe\" \/>\n<meta property=\"article:modified_time\" content=\"2026-04-21T07:46:28+00:00\" \/>\n<script type=\"application\/ld+json\" class=\"yoast-schema-graph\">{\"@context\":\"https:\/\/schema.org\",\"@graph\":[{\"@type\":\"WebPage\",\"@id\":\"http:\/\/miesbcn.com\/ca\/\",\"url\":\"http:\/\/miesbcn.com\/ca\/\",\"name\":\"Fundaci\u00f3 Mies van der Rohe - Pavell\u00f3 Mies van der Rohe\",\"isPartOf\":{\"@id\":\"http:\/\/miesbcn.com\/#website\"},\"datePublished\":\"2014-04-17T10:49:02+00:00\",\"dateModified\":\"2026-04-21T07:46:28+00:00\",\"description\":\"La Fundaci\u00f3 Mies van der Rohe va ser creada el 1983 per l\u2019Ajuntament de Barcelona, amb l\u2019objectiu de portar a terme la reconstrucci\u00f3 del Pavell\u00f3 Alemany\",\"breadcrumb\":{\"@id\":\"http:\/\/miesbcn.com\/ca\/#breadcrumb\"},\"inLanguage\":\"ca\",\"potentialAction\":[{\"@type\":\"ReadAction\",\"target\":[\"http:\/\/miesbcn.com\/ca\/\"]}]},{\"@type\":\"BreadcrumbList\",\"@id\":\"http:\/\/miesbcn.com\/ca\/#breadcrumb\",\"itemListElement\":[{\"@type\":\"ListItem\",\"position\":1,\"name\":\"Home\",\"item\":\"http:\/\/miesbcn.com\/ca\/\"},{\"@type\":\"ListItem\",\"position\":2,\"name\":\"Inici\"}]},{\"@type\":\"WebSite\",\"@id\":\"http:\/\/miesbcn.com\/#website\",\"url\":\"http:\/\/miesbcn.com\/\",\"name\":\"Fundaci\u00f3 Mies van der Rohe\",\"description\":\"Fundaci\u00f3 Mies van der Rohe fosters debate on and awareness of themes related to contemporary architecture and urban planning, as well as encouraging studies on the work of Ludwig Mies van der Rohe and on the Modern Movement.\",\"inLanguage\":\"ca\"}]}<\/script>\n<!-- \/ Yoast SEO plugin. -->","yoast_head_json":{"title":"Fundaci\u00f3 Mies van der Rohe - Pavell\u00f3 Mies van der Rohe","description":"La Fundaci\u00f3 Mies van der Rohe va ser creada el 1983 per l\u2019Ajuntament de Barcelona, amb l\u2019objectiu de portar a terme la reconstrucci\u00f3 del Pavell\u00f3 Alemany","robots":{"index":"index","follow":"follow","max-snippet":"max-snippet:-1","max-image-preview":"max-image-preview:large","max-video-preview":"max-video-preview:-1"},"canonical":"http:\/\/miesbcn.com\/ca\/","og_locale":"ca_ES","og_type":"article","og_title":"Fundaci\u00f3 Mies van der Rohe - Pavell\u00f3 Mies van der Rohe","og_description":"La Fundaci\u00f3 Mies van der Rohe va ser creada el 1983 per l\u2019Ajuntament de Barcelona, amb l\u2019objectiu de portar a terme la reconstrucci\u00f3 del Pavell\u00f3 Alemany","og_url":"http:\/\/miesbcn.com\/ca\/","og_site_name":"Fundaci\u00f3 Mies van der Rohe","article_publisher":"https:\/\/www.facebook.com\/FundacioMiesvanderRohe","article_modified_time":"2026-04-21T07:46:28+00:00","schema":{"@context":"https:\/\/schema.org","@graph":[{"@type":"WebPage","@id":"http:\/\/miesbcn.com\/ca\/","url":"http:\/\/miesbcn.com\/ca\/","name":"Fundaci\u00f3 Mies van der Rohe - Pavell\u00f3 Mies van der Rohe","isPartOf":{"@id":"http:\/\/miesbcn.com\/#website"},"datePublished":"2014-04-17T10:49:02+00:00","dateModified":"2026-04-21T07:46:28+00:00","description":"La Fundaci\u00f3 Mies van der Rohe va ser creada el 1983 per l\u2019Ajuntament de Barcelona, amb l\u2019objectiu de portar a terme la reconstrucci\u00f3 del Pavell\u00f3 Alemany","breadcrumb":{"@id":"http:\/\/miesbcn.com\/ca\/#breadcrumb"},"inLanguage":"ca","potentialAction":[{"@type":"ReadAction","target":["http:\/\/miesbcn.com\/ca\/"]}]},{"@type":"BreadcrumbList","@id":"http:\/\/miesbcn.com\/ca\/#breadcrumb","itemListElement":[{"@type":"ListItem","position":1,"name":"Home","item":"http:\/\/miesbcn.com\/ca\/"},{"@type":"ListItem","position":2,"name":"Inici"}]},{"@type":"WebSite","@id":"http:\/\/miesbcn.com\/#website","url":"http:\/\/miesbcn.com\/","name":"Fundaci\u00f3 Mies van der Rohe","description":"Fundaci\u00f3 Mies van der Rohe fosters debate on and awareness of themes related to contemporary architecture and urban planning, as well as encouraging studies on the work of Ludwig Mies van der Rohe and on the Modern Movement.","inLanguage":"ca"}]}},"_links":{"self":[{"href":"https:\/\/miesbcn.com\/ca\/wp-json\/wp\/v2\/pages\/31942","targetHints":{"allow":["GET"]}}],"collection":[{"href":"https:\/\/miesbcn.com\/ca\/wp-json\/wp\/v2\/pages"}],"about":[{"href":"https:\/\/miesbcn.com\/ca\/wp-json\/wp\/v2\/types\/page"}],"author":[{"embeddable":true,"href":"https:\/\/miesbcn.com\/ca\/wp-json\/wp\/v2\/users\/4"}],"replies":[{"embeddable":true,"href":"https:\/\/miesbcn.com\/ca\/wp-json\/wp\/v2\/comments?post=31942"}],"version-history":[{"count":1179,"href":"https:\/\/miesbcn.com\/ca\/wp-json\/wp\/v2\/pages\/31942\/revisions"}],"predecessor-version":[{"id":144485,"href":"https:\/\/miesbcn.com\/ca\/wp-json\/wp\/v2\/pages\/31942\/revisions\/144485"}],"wp:attachment":[{"href":"https:\/\/miesbcn.com\/ca\/wp-json\/wp\/v2\/media?parent=31942"}],"curies":[{"name":"wp","href":"https:\/\/api.w.org\/{rel}","templated":true}]}}