{"id":259,"date":"2014-04-17T11:49:02","date_gmt":"2014-04-17T10:49:02","guid":{"rendered":"http:\/\/miesbcn.com\/?page_id=259"},"modified":"2026-04-21T08:44:54","modified_gmt":"2026-04-21T07:44:54","slug":"home-3","status":"publish","type":"page","link":"https:\/\/miesbcn.com\/es\/","title":{"rendered":"Home"},"content":{"rendered":"<p>[contact-form][contact-field label=\u00bbNom\u00bb type=\u00bbname\u00bb required=\u00bbtrue\u00bb \/][contact-field label=\u00bbCorreu electr\u00f2nic\u00bb type=\u00bbemail\u00bb required=\u00bbtrue\u00bb \/][contact-field label=\u00bbLloc web\u00bb type=\u00bburl\u00bb \/][contact-field label=\u00bbMissatge\u00bb type=\u00bbtextarea\u00bb \/][\/contact-form]<\/p>\n","protected":false},"excerpt":{"rendered":"<p>[contact-form][contact-field label=\u00bbNom\u00bb type=\u00bbname\u00bb required=\u00bbtrue\u00bb \/][contact-field label=\u00bbCorreu electr\u00f2nic\u00bb type=\u00bbemail\u00bb required=\u00bbtrue\u00bb \/][contact-field label=\u00bbLloc web\u00bb type=\u00bburl\u00bb \/][contact-field label=\u00bbMissatge\u00bb type=\u00bbtextarea\u00bb \/][\/contact-form]<\/p>\n","protected":false},"author":4,"featured_media":0,"parent":0,"menu_order":0,"comment_status":"closed","ping_status":"closed","template":"homepage.php","meta":{"_acf_changed":false,"footnotes":""},"class_list":["post-259","page","type-page","status-publish","hentry"],"acf":[],"yoast_head":"<!-- This site is optimized with the Yoast SEO plugin v27.2 - https:\/\/yoast.com\/product\/yoast-seo-wordpress\/ -->\n<title>Fundaci\u00f3 Mies van der Rohe - Pabell\u00f3n Mies van der Rohe<\/title>\n<meta name=\"description\" content=\"La Fundaci\u00f3 Mies van der Rohe fue creada en 1983 por el Ayuntamiento de Barcelona, con el objetivo de llevar a cabo la reconstrucci\u00f3n del Pabell\u00f3n Alem\u00e1n\" \/>\n<meta name=\"robots\" content=\"index, follow, max-snippet:-1, max-image-preview:large, max-video-preview:-1\" \/>\n<link rel=\"canonical\" href=\"http:\/\/miesbcn.com\/es\/\" \/>\n<meta property=\"og:locale\" content=\"es_ES\" \/>\n<meta property=\"og:type\" content=\"article\" \/>\n<meta property=\"og:title\" content=\"Fundaci\u00f3 Mies van der Rohe - Pabell\u00f3n Mies van der Rohe\" \/>\n<meta property=\"og:description\" content=\"La Fundaci\u00f3 Mies van der Rohe fue creada en 1983 por el Ayuntamiento de Barcelona, con el objetivo de llevar a cabo la reconstrucci\u00f3n del Pabell\u00f3n Alem\u00e1n\" \/>\n<meta property=\"og:url\" content=\"http:\/\/miesbcn.com\/es\/\" \/>\n<meta property=\"og:site_name\" content=\"Fundaci\u00f3 Mies van der Rohe\" \/>\n<meta property=\"article:publisher\" content=\"https:\/\/www.facebook.com\/FundacioMiesvanderRohe\" \/>\n<meta property=\"article:modified_time\" content=\"2026-04-21T07:44:54+00:00\" \/>\n<meta name=\"twitter:label1\" content=\"Tiempo de lectura\" \/>\n\t<meta name=\"twitter:data1\" content=\"1 minuto\" \/>\n<script type=\"application\/ld+json\" class=\"yoast-schema-graph\">{\"@context\":\"https:\/\/schema.org\",\"@graph\":[{\"@type\":\"WebPage\",\"@id\":\"http:\/\/miesbcn.com\/es\/\",\"url\":\"http:\/\/miesbcn.com\/es\/\",\"name\":\"Fundaci\u00f3 Mies van der Rohe - Pabell\u00f3n Mies van der Rohe\",\"isPartOf\":{\"@id\":\"http:\/\/miesbcn.com\/#website\"},\"datePublished\":\"2014-04-17T10:49:02+00:00\",\"dateModified\":\"2026-04-21T07:44:54+00:00\",\"description\":\"La Fundaci\u00f3 Mies van der Rohe fue creada en 1983 por el Ayuntamiento de Barcelona, con el objetivo de llevar a cabo la reconstrucci\u00f3n del Pabell\u00f3n Alem\u00e1n\",\"breadcrumb\":{\"@id\":\"http:\/\/miesbcn.com\/es\/#breadcrumb\"},\"inLanguage\":\"es\",\"potentialAction\":[{\"@type\":\"ReadAction\",\"target\":[\"http:\/\/miesbcn.com\/es\/\"]}]},{\"@type\":\"BreadcrumbList\",\"@id\":\"http:\/\/miesbcn.com\/es\/#breadcrumb\",\"itemListElement\":[{\"@type\":\"ListItem\",\"position\":1,\"name\":\"Home\",\"item\":\"http:\/\/miesbcn.com\/es\/\"},{\"@type\":\"ListItem\",\"position\":2,\"name\":\"Home\"}]},{\"@type\":\"WebSite\",\"@id\":\"http:\/\/miesbcn.com\/#website\",\"url\":\"http:\/\/miesbcn.com\/\",\"name\":\"Fundaci\u00f3 Mies van der Rohe\",\"description\":\"Fundaci\u00f3 Mies van der Rohe fosters debate on and awareness of themes related to contemporary architecture and urban planning, as well as encouraging studies on the work of Ludwig Mies van der Rohe and on the Modern Movement.\",\"inLanguage\":\"es\"}]}<\/script>\n<!-- \/ Yoast SEO plugin. -->","yoast_head_json":{"title":"Fundaci\u00f3 Mies van der Rohe - Pabell\u00f3n Mies van der Rohe","description":"La Fundaci\u00f3 Mies van der Rohe fue creada en 1983 por el Ayuntamiento de Barcelona, con el objetivo de llevar a cabo la reconstrucci\u00f3n del Pabell\u00f3n Alem\u00e1n","robots":{"index":"index","follow":"follow","max-snippet":"max-snippet:-1","max-image-preview":"max-image-preview:large","max-video-preview":"max-video-preview:-1"},"canonical":"http:\/\/miesbcn.com\/es\/","og_locale":"es_ES","og_type":"article","og_title":"Fundaci\u00f3 Mies van der Rohe - Pabell\u00f3n Mies van der Rohe","og_description":"La Fundaci\u00f3 Mies van der Rohe fue creada en 1983 por el Ayuntamiento de Barcelona, con el objetivo de llevar a cabo la reconstrucci\u00f3n del Pabell\u00f3n Alem\u00e1n","og_url":"http:\/\/miesbcn.com\/es\/","og_site_name":"Fundaci\u00f3 Mies van der Rohe","article_publisher":"https:\/\/www.facebook.com\/FundacioMiesvanderRohe","article_modified_time":"2026-04-21T07:44:54+00:00","twitter_misc":{"Tiempo de lectura":"1 minuto"},"schema":{"@context":"https:\/\/schema.org","@graph":[{"@type":"WebPage","@id":"http:\/\/miesbcn.com\/es\/","url":"http:\/\/miesbcn.com\/es\/","name":"Fundaci\u00f3 Mies van der Rohe - Pabell\u00f3n Mies van der Rohe","isPartOf":{"@id":"http:\/\/miesbcn.com\/#website"},"datePublished":"2014-04-17T10:49:02+00:00","dateModified":"2026-04-21T07:44:54+00:00","description":"La Fundaci\u00f3 Mies van der Rohe fue creada en 1983 por el Ayuntamiento de Barcelona, con el objetivo de llevar a cabo la reconstrucci\u00f3n del Pabell\u00f3n Alem\u00e1n","breadcrumb":{"@id":"http:\/\/miesbcn.com\/es\/#breadcrumb"},"inLanguage":"es","potentialAction":[{"@type":"ReadAction","target":["http:\/\/miesbcn.com\/es\/"]}]},{"@type":"BreadcrumbList","@id":"http:\/\/miesbcn.com\/es\/#breadcrumb","itemListElement":[{"@type":"ListItem","position":1,"name":"Home","item":"http:\/\/miesbcn.com\/es\/"},{"@type":"ListItem","position":2,"name":"Home"}]},{"@type":"WebSite","@id":"http:\/\/miesbcn.com\/#website","url":"http:\/\/miesbcn.com\/","name":"Fundaci\u00f3 Mies van der Rohe","description":"Fundaci\u00f3 Mies van der Rohe fosters debate on and awareness of themes related to contemporary architecture and urban planning, as well as encouraging studies on the work of Ludwig Mies van der Rohe and on the Modern Movement.","inLanguage":"es"}]}},"_links":{"self":[{"href":"https:\/\/miesbcn.com\/es\/wp-json\/wp\/v2\/pages\/259","targetHints":{"allow":["GET"]}}],"collection":[{"href":"https:\/\/miesbcn.com\/es\/wp-json\/wp\/v2\/pages"}],"about":[{"href":"https:\/\/miesbcn.com\/es\/wp-json\/wp\/v2\/types\/page"}],"author":[{"embeddable":true,"href":"https:\/\/miesbcn.com\/es\/wp-json\/wp\/v2\/users\/4"}],"replies":[{"embeddable":true,"href":"https:\/\/miesbcn.com\/es\/wp-json\/wp\/v2\/comments?post=259"}],"version-history":[{"count":1198,"href":"https:\/\/miesbcn.com\/es\/wp-json\/wp\/v2\/pages\/259\/revisions"}],"predecessor-version":[{"id":144484,"href":"https:\/\/miesbcn.com\/es\/wp-json\/wp\/v2\/pages\/259\/revisions\/144484"}],"wp:attachment":[{"href":"https:\/\/miesbcn.com\/es\/wp-json\/wp\/v2\/media?parent=259"}],"curies":[{"name":"wp","href":"https:\/\/api.w.org\/{rel}","templated":true}]}}